{"id":4907,"date":"2022-05-18T18:18:51","date_gmt":"2022-05-18T18:18:51","guid":{"rendered":"https:\/\/www.lugarseguro.pt\/web\/?page_id=4907"},"modified":"2024-07-08T14:47:51","modified_gmt":"2024-07-08T14:47:51","slug":"transtorno-de-stresse-pos-traumatico-e-trauma-emocional","status":"publish","type":"page","link":"https:\/\/www.lugarseguro.pt\/web\/transtorno-de-stresse-pos-traumatico-e-trauma-emocional\/","title":{"rendered":"Transtorno de Stress P\u00f3s-Traum\u00e1tico e Trauma Emocional"},"content":{"rendered":"<h2>O que \u00e9 Transtorno de Stress P\u00f3s-Traum\u00e1tico?<\/h2>\n<p style=\"color: black; font-family: open sans; font-size: 14pt; line-height: 1.5;\">Muitas pessoas s\u00e3o expostas a traumas durante as suas vidas, sejam elas mesmas, testemunhas pessoalmente ou expostas repetidamente nos media. \u00c9 comum que as pessoas que vivem um trauma emocional experimentem uma ampla gama de sentimentos angustiantes nos dias e semanas que se seguem. Na maioria das pessoas, esses sentimentos diminuem naturalmente com o tempo. Outros, no entanto, persistem e desenvolvem-se em sintomas associados ao transtorno de Stress p\u00f3s-traum\u00e1tico (TSPT), uma condi\u00e7\u00e3o potencialmente debilitante que pode roubar a sua vida.<br \/>Esta condi\u00e7\u00e3o pode ocorrer em qualquer pessoa que tenha sofrido um trauma, mas \u00e9 comum em veteranos militares e em socorristas que est\u00e3o rotineiramente na linha de frente respondendo a emerg\u00eancias e situa\u00e7\u00f5es de crise.<br \/>Os m\u00faltiplos traumas e Stress que eles vivenciam s\u00e3o esperados como parte de seu trabalho, mas tem um custo alto. <br \/>A exposi\u00e7\u00e3o repetida ao trauma e o Stress de incid\u00eancia cr\u00edtica demonstraram ter um impacto significativo na sa\u00fade mental e podem ser devastadores para as suas vidas pessoais e profissionais. O TSPT (que \u00e0s vezes \u00e9 chamado de \u201cStress de incid\u00eancia cr\u00edtica\u201d ou simplesmente \u201ctrauma emocional\u201d) geralmente \u00e9 considerado um problema psicol\u00f3gico, mas mesmo que o TSPT possa afetar o seu bem-estar psicol\u00f3gico, n\u00e3o \u00e9 um transtorno mental. \u00c9 importante entender que lutar contra os sintomas do TSPT n\u00e3o \u00e9 uma falha de car\u00e1ter ou um sinal de fraqueza<br \/>\npessoal.<br \/>No entanto, se n\u00e3o for tratado, o TSPT pode causar uma ampla gama de problemas e pode at\u00e9 levar ao suic\u00eddio.<\/p>\n<h2>Quem \u00e9 afetado pelo TSPT?<\/h2>\n<p style=\"color: black; font-family: open sans; font-size: 14pt; line-height: 1.5;\">Embora a maioria das pessoas pense que a condi\u00e7\u00e3o afeta principalmente veteranos militares, ela pode atingir qualquer pessoa \u2013 qualquer nacionalidade, ocupa\u00e7\u00e3o, etnia \u2013 em qualquer idade, incluindo crian\u00e7as.<br \/>\nPTSD pode afetar homens e mulheres, no entanto, as mulheres s\u00e3o 2-3 vezes mais propensas a experimentar a condi\u00e7\u00e3o do que os homens. Al\u00e9m disso, as mulheres tendem a sofrer traumas em idade mais jovem, quando tem maior impacto no desenvolvimento cerebral.\t\t<\/p>\n<h2>Sintomas comuns de TSPT<\/h2>\n<p style=\"color: black; font-family: open sans; font-size: 14pt; line-height: 1.5;\">Ap\u00f3s um evento traum\u00e1tico, \u00e9 prov\u00e1vel que as pessoas experimentem uma s\u00e9rie de rea\u00e7\u00f5es desconfort\u00e1veis. Os nossos c\u00e9rebros est\u00e3o programados para nos alertar sobre a presen\u00e7a e a amea\u00e7a de perigo, portanto, ter uma resposta biol\u00f3gica e psicol\u00f3gica ao trauma \u00e9 normal. Esses sintomas geralmente diminuem com o passar do tempo. No entanto, quando os sintomas persistem, \u00e9 um sinal de TSPT.<br \/>Em geral, qualquer evento assustador, perigoso ou com risco de vida pode desencadear sintomas de TSPT.<br \/>Isso pode incluir lembran\u00e7as intensas (como flashbacks e pesadelos), evitar pessoas ou coisas que s\u00e3o lembran\u00e7as do evento e comportamento autodestrutivo. Veja abaixo uma lista mais abrangente dos sinais e sintomas do TSPT.\t\t<\/p>\n<h2>O que causa TSPT?<\/h2>\n<p style=\"color: black; font-family: open sans; font-size: 14pt; line-height: 1.5;\">Al\u00e9m de ser v\u00edtima de um evento traum\u00e1tico, tamb\u00e9m pode desenvolver TSPT ao ser exposto a situa\u00e7\u00f5es violentas e perigosas por meio dos m\u00eddia ou de outras formas indiretas. Algumas causas de TSPT incluem:<\/p>\n<ul>\n<li style=\"color: black; font-family: open sans; font-size: 14pt; line-height: 1.5;\">Pandemias<\/li>\n<li style=\"color: black; font-family: open sans; font-size: 14pt; line-height: 1.5;\">Combate militar<\/li>\n<li style=\"color: black; font-family: open sans; font-size: 14pt; line-height: 1.5;\">Abuso na inf\u00e2ncia<\/li>\n<li style=\"color: black; font-family: open sans; font-size: 14pt; line-height: 1.5;\">Viola\u00e7\u00e3o ou outra agress\u00e3o f\u00edsica<\/li>\n<li style=\"color: black; font-family: open sans; font-size: 14pt; line-height: 1.5;\">Exposi\u00e7\u00e3o repetida \u00e0 viol\u00eancia<\/li>\n<li style=\"color: black; font-family: open sans; font-size: 14pt; line-height: 1.5;\">Ver algu\u00e9m ficar ferido ou morrer<\/li>\n<li style=\"color: black; font-family: open sans; font-size: 14pt; line-height: 1.5;\">Ser exposto ou mantido sobre a mira de uma arma<\/li>\n<li style=\"color: black; font-family: open sans; font-size: 14pt; line-height: 1.5;\">Acidentes automobil\u00edsticos<\/li>\n<li style=\"color: black; font-family: open sans; font-size: 14pt; line-height: 1.5;\">Desastres naturais<\/li>\n<li style=\"color: black; font-family: open sans; font-size: 14pt; line-height: 1.5;\">Tiroteios em massa<\/li>\n<li style=\"color: black; font-family: open sans; font-size: 14pt; line-height: 1.5;\">Sequestro<\/li>\n<\/ul>\n<p>\t\t\t\t\t\t\t\t\t\t\t\t\t\t\t<img decoding=\"async\" width=\"620\" height=\"413\" src=\"https:\/\/www.lugarseguro.pt\/web\/wp-content\/uploads\/2022\/05\/stress_pos_traumatico_hospital_fernando_fonseca.jpg\" alt=\"\" loading=\"lazy\" srcset=\"https:\/\/www.lugarseguro.pt\/web\/wp-content\/uploads\/2022\/05\/stress_pos_traumatico_hospital_fernando_fonseca.jpg 620w, https:\/\/www.lugarseguro.pt\/web\/wp-content\/uploads\/2022\/05\/stress_pos_traumatico_hospital_fernando_fonseca-600x400.jpg 600w, https:\/\/www.lugarseguro.pt\/web\/wp-content\/uploads\/2022\/05\/stress_pos_traumatico_hospital_fernando_fonseca-300x200.jpg 300w\" sizes=\"auto, (max-width: 620px) 100vw, 620px\" \/>\t\t\t\t\t\t\t\t\t\t\t\t\t\t\t<\/p>\n<p style=\"color: black; font-family: open sans; font-size: 16pt; line-height: 1.5;\">\u00c9 comum que o TSPT ocorra concomitantemente com outras condi\u00e7\u00f5es, incluindo:<\/p>\n<ul>\n<li style=\"color: black; font-family: open sans; font-size: 16pt; line-height: 1.5;\">Depress\u00e3o<\/li>\n<li style=\"color: black; font-family: open sans; font-size: 16pt; line-height: 1.5;\">Ansiedade<\/li>\n<li style=\"color: black; font-family: open sans; font-size: 16pt; line-height: 1.5;\">Ins\u00f3nia<\/li>\n<li style=\"color: black; font-family: open sans; font-size: 16pt; line-height: 1.5;\">V\u00edcios<\/li>\n<li style=\"color: black; font-family: open sans; font-size: 16pt; line-height: 1.5;\">Problemas de raiva<\/li>\n<li style=\"color: black; font-family: open sans; font-size: 16pt; line-height: 1.5;\">Ataques de p\u00e2nico<\/li>\n<li style=\"color: black; font-family: open sans; font-size: 16pt; line-height: 1.5;\">Transtorno bipolar<\/li>\n<li style=\"color: black; font-family: open sans; font-size: 16pt; line-height: 1.5;\">Transtornos Psic\u00f3ticos<\/li>\n<li style=\"color: black; font-family: open sans; font-size: 16pt; line-height: 1.5;\">Transtorno obsessivo-compulsivo<\/li>\n<li style=\"color: black; font-family: open sans; font-size: 16pt; line-height: 1.5;\">Traumatismo Cranioencef\u00e1lico (TCE)<\/li>\n<li style=\"color: black; font-family: open sans; font-size: 16pt; line-height: 1.5;\">Problemas cognitivos<\/li>\n<li style=\"color: black; font-family: open sans; font-size: 16pt; line-height: 1.5;\">Problemas de mem\u00f3ria<\/li>\n<\/ul>\n<p>\t\t\t\t\t\t\t\t\t\t\t\t\t\t\t<img decoding=\"async\" width=\"768\" height=\"512\" src=\"https:\/\/www.lugarseguro.pt\/web\/wp-content\/uploads\/2022\/05\/military-man-suffering-from-ptsd-768x512.jpg\" alt=\"\" loading=\"lazy\" srcset=\"https:\/\/www.lugarseguro.pt\/web\/wp-content\/uploads\/2022\/05\/military-man-suffering-from-ptsd-768x512.jpg 768w, https:\/\/www.lugarseguro.pt\/web\/wp-content\/uploads\/2022\/05\/military-man-suffering-from-ptsd-scaled-600x400.jpg 600w, https:\/\/www.lugarseguro.pt\/web\/wp-content\/uploads\/2022\/05\/military-man-suffering-from-ptsd-300x200.jpg 300w, https:\/\/www.lugarseguro.pt\/web\/wp-content\/uploads\/2022\/05\/military-man-suffering-from-ptsd-1024x683.jpg 1024w, https:\/\/www.lugarseguro.pt\/web\/wp-content\/uploads\/2022\/05\/military-man-suffering-from-ptsd-1536x1024.jpg 1536w, https:\/\/www.lugarseguro.pt\/web\/wp-content\/uploads\/2022\/05\/military-man-suffering-from-ptsd-2048x1365.jpg 2048w\" sizes=\"auto, (max-width: 768px) 100vw, 768px\" \/>\t\t\t\t\t\t\t\t\t\t\t\t\t\t\t<\/p>\n<h2>Porqu\u00ea escolher a cl\u00ednica Lugar Seguro para o tratamento de TSPT?<\/h2>\n<p style=\"color: black; font-size: 14pt; font-family: open sans; line-height: 1.5;\">A maioria dos psic\u00f3logos e psiquiatras nunca olha para o c\u00e9rebro e s\u00f3 pode fazer a sua avalia\u00e7\u00e3o com base nos sintomas, e \u00e9 por isso que as pessoas geralmente n\u00e3o s\u00e3o diagnosticadas ou s\u00e3o diagnosticadas erroneamente e recebem o tipo errado de tratamento.<br \/>As imagens do c\u00e9rebro podem ser muito \u00fateis para obter um diagn\u00f3stico de TSPT. Dois estudos publicados pela equipa de pesquisa da Amen Clinics mostraram que a imagem SPECT cerebral \u00e9 capaz de diferenciar o TSPT do TCE com uma taxa de precis\u00e3o de 94%.<br \/>Em compara\u00e7\u00e3o, a resson\u00e2ncia magn\u00e9tica e a tomografia computadorizada geralmente mostram resultados \u201cnormais\u201d em pessoas com TSPT, o que as faz pensar que est\u00e3o a imaginar os seus sintomas.<br \/>Esta pesquisa foi reconhecida pela Discover Magazine como a 19\u00aa das 100 principais hist\u00f3rias cient\u00edficas de 2015.<\/p>\n<p>Na cl\u00ednica Lugar Seguro usamos a avalia\u00e7\u00e3o ao c\u00e9rebro como parte de uma avalia\u00e7\u00e3o abrangente que tamb\u00e9m inclui testes de laborat\u00f3rio e avalia\u00e7\u00e3o dos fatores biol\u00f3gicos, psicol\u00f3gicos, sociais e espirituais que podem contribuir para problemas de mem\u00f3ria. Com base em todas essas informa\u00e7\u00f5es, podemos identificar as causas dos problemas de mem\u00f3ria e desenvolver um plano de tratamento personalizado para reverter a perda de mem\u00f3ria.<\/p>\n<p>Na Cl\u00ednica Lugar Seguro, al\u00e9m da avalia\u00e7\u00e3o do c\u00e9rebro, todos os terapeutas t\u00eam forma\u00e7\u00e3o em psicologia e somos Lideres Mundiais de Hipnose reconhecidos internacionalmente, para poder utilizar estas t\u00e9cnicas fant\u00e1sticas e o ajudar a ultrapassar esta condi\u00e7\u00e3o de forma mais c\u00e9lere e definitiva.<\/p>\n<h2>C\u00e9rebros de PTSD funcionam de forma diferente<\/h2>\n<p style=\"color: black; font-family: open sans; font-size: 14pt; line-height: 1.5;\">Pessoas com TSPT tendem a ter muita atividade no c\u00e9rebro. Nos exames SPECT, a hiperatividade \u00e9 vista no l\u00edmbico, nos g\u00e2nglios da base e no giro cingulado anterior no que parece ser um padr\u00e3o de diamante.<br \/>Com as imagens do c\u00e9rebro, ver para crer. A imagem cerebral pode ser muito \u00fatil para pessoas com TSPT por v\u00e1rios motivos, incluindo:<\/p>\n<ul>\n<li style=\"color: black; font-family: open sans; font-size: 14pt; line-height: 1.5;\">As imagens do c\u00e9rebro mostram que os sintomas e comportamentos do TSPT s\u00e3o causados por mudan\u00e7as biol\u00f3gicas no c\u00e9rebro, N\u00c3O por alguma falha pessoal, reduzindo assim a dor emocional e o estigma.<\/li>\n<li style=\"color: black; font-family: open sans; font-size: 14pt; line-height: 1.5;\">Ver uma imagem do c\u00e9rebro ajuda as fam\u00edlias a entender melhor que os sintomas de TSPT dos seus entes queridos n\u00e3o s\u00e3o culpa deles. Isso promove o perd\u00e3o e encoraja as fam\u00edlias a envolverem-se mais no processo de cura.<\/li>\n<li style=\"color: black; font-family: open sans; font-size: 14pt; line-height: 1.5;\">As imagens cerebrais ajudam a personalizar o tratamento de acordo com suas necessidades, para que seja mais eficaz.<\/li>\n<li style=\"color: black; font-family: open sans; font-size: 14pt; line-height: 1.5;\">A imagem cerebral pode ajudar a diferenciar o TSPT de les\u00e3o cerebral traum\u00e1tica (TCE), que tem muitos sintomas sobrepostos.<\/li>\n<li style=\"color: black; font-family: open sans; font-size: 14pt; line-height: 1.5;\">Estudos de imagem cerebral podem mostrar se o tratamento est\u00e1 funcionando ou se precisa ser ajustado para melhorar o processo de cicatriza\u00e7\u00e3o.<\/li>\n<\/ul>\n<p style=\"color: black; font-family: open sans; font-size: 14pt; line-height: 1.5;\">SPECT (tomografia computadorizada por emiss\u00e3o de f\u00f3ton \u00fanico) \u00e9 um estudo de medicina nuclear que avalia o fluxo sangu\u00edneo e a atividade no c\u00e9rebro. Basicamente, ele mostra tr\u00eas coisas: atividade saud\u00e1vel, pouca atividade ou muita atividade. Uma imagem \u201cativa\u201d saud\u00e1vel mostra as partes mais ativas do c\u00e9rebro com azul representando a atividade m\u00e9dia e vermelho (ou \u00e0s vezes vermelho e branco) representando as partes mais ativas do c\u00e9rebro.<\/p>\n<p style=\"color: black; font-family: open sans; font-size: 14pt; line-height: 1.5;\">No exame saud\u00e1vel, a \u00e1rea mais ativa est\u00e1 no cerebelo, na parte posterior\/inferior do c\u00e9rebro. A segunda imagem \u00e9 um exemplo de algu\u00e9m com Tipo 1: Ansiedade Pura (veja abaixo mais informa\u00e7\u00f5es sobre os 7 tipos de ansiedade), que mostra muita atividade nos g\u00e2nglios da base, o que aumenta o n\u00edvel de ansiedade de uma pessoa.<\/p>\n<figure>\n\t\t\t\t\t\t\t\t\t\t<img decoding=\"async\" width=\"300\" height=\"242\" src=\"https:\/\/www.lugarseguro.pt\/web\/wp-content\/uploads\/2022\/05\/Healthy-Active-Brain-Scan-300x242.webp\" alt=\"\" loading=\"lazy\" srcset=\"https:\/\/www.lugarseguro.pt\/web\/wp-content\/uploads\/2022\/05\/Healthy-Active-Brain-Scan-300x242.webp 300w, https:\/\/www.lugarseguro.pt\/web\/wp-content\/uploads\/2022\/05\/Healthy-Active-Brain-Scan.webp 450w\" sizes=\"auto, (max-width: 300px) 100vw, 300px\" \/><figcaption>Imagem Saud\u00e1vel do C\u00e9rebro<\/figcaption><\/figure>\n<figure>\n\t\t\t\t\t\t\t\t\t\t<img decoding=\"async\" width=\"300\" height=\"239\" src=\"https:\/\/www.lugarseguro.pt\/web\/wp-content\/uploads\/2022\/05\/PTSD_Triange_DA_Web_May19.webp\" alt=\"\" loading=\"lazy\" \/><figcaption>Imagem do c\u00e9rebro de PTSD<\/figcaption><\/figure>\n<p style=\"color: black; font-family: open sans; font-size: 14pt; line-height: 1.5;\">SPECT (tomografia computadorizada por emiss\u00e3o de f\u00f3ton \u00fanico) \u00e9 um estudo de medicina nuclear que avalia o fluxo sangu\u00edneo e a atividade no c\u00e9rebro.<br \/>Basicamente, ele mostra tr\u00eas coisas: atividade saud\u00e1vel, pouca atividade ou muita atividade.<br \/>Uma imagem \u201cativa\u201d saud\u00e1vel mostra as partes mais ativas do c\u00e9rebro com azul representando a atividade m\u00e9dia e vermelho (ou \u00e0s vezes vermelho e branco) representando as partes mais ativas do c\u00e9rebro.<br \/>Na imagem saud\u00e1vel \u00e0 esquerda, a \u00e1rea mais ativa est\u00e1 no cerebelo, na parte posterior\/inferior do c\u00e9rebro.<br \/>Na imagem de PTSD (direita), um padr\u00e3o de diamante de atividade aumentada \u00e9 evidente na parte emocional profunda do c\u00e9rebro. A varredura \u00e0 direita de uma pessoa com TSPT mostra um padr\u00e3o de diamante de aumento da atividade na parte emocional profunda do c\u00e9rebro.\t\t<\/p>\n<h2>Quer saber mais? Fale connosco<\/h2>\n<p style=\"color: white; font-size: 18 pt;\">geral@lugarseguro.pt<\/p>\n<p style=\"color: white; font-size: 18 pt;\">223 267 608 \/ 915 100 103<br \/>\n\t\t\t<a href=\"https:\/\/www.lugarseguro.pt\/web\/contactos\"><br \/>\n\t\t\t\t\t\tMarcar consulta<br \/>\n\t\t\t\t\t<\/a><\/p>\n<h2>Sintomas do Transtorno de Stress P\u00f3s-Traum\u00e1tico<\/h2>\n<p style=\"color: black; font-size: 14 pt; line-height: 1.5; font-family: open sans;\">Os sintomas podem desenvolver-se imediatamente ap\u00f3s um evento traum\u00e1tico.<br \/>Em alguns sobreviventes de trauma, no entanto, pode levar semanas ou meses para que os sintomas surjam. Para outros, podem n\u00e3o se desenvolver at\u00e9 anos depois, quando desencadeados por um novo trauma.<br \/>Por causa disso, as pessoas geralmente n\u00e3o associam os seus sintomas angustiantes ao trauma que experimentaram.<br \/>Pode n\u00e3o ter todos os sintomas a seguir, mas as pessoas com TSPT geralmente t\u00eam v\u00e1rios deles.<\/p>\n<ul>\n<li>\n\t\t\t\t\t\t\t\t\t\tLembran\u00e7as intensas, como flashbacks e pesadelos\n\t\t\t\t\t\t\t\t\t<\/li>\n<li>\n\t\t\t\t\t\t\t\t\t\tIncapacidade de recordar certos aspetos do que aconteceu\n\t\t\t\t\t\t\t\t\t<\/li>\n<li>\n\t\t\t\t\t\t\t\t\t\tEvitar pessoas, lugares ou coisas que s\u00e3o lembretes do evento\n\t\t\t\t\t\t\t\t\t<\/li>\n<li>\n\t\t\t\t\t\t\t\t\t\tA recusa em falar sobre o evento\n\t\t\t\t\t\t\t\t\t<\/li>\n<li>\n\t\t\t\t\t\t\t\t\t\tIncapacidade de discutir o sentimento sobre o trauma\n\t\t\t\t\t\t\t\t\t<\/li>\n<li>\n\t\t\t\t\t\t\t\t\t\tMem\u00f3rias angustiantes\n\t\t\t\t\t\t\t\t\t<\/li>\n<li>\n\t\t\t\t\t\t\t\t\t\tIncapacidade de parar de pensar sobre o incidente\n\t\t\t\t\t\t\t\t\t<\/li>\n<li>\n\t\t\t\t\t\t\t\t\t\tAnsiedade aumentada ou excessiva\n\t\t\t\t\t\t\t\t\t<\/li>\n<li>\n\t\t\t\t\t\t\t\t\t\tComportamento autodestrutivo\n\t\t\t\t\t\t\t\t\t<\/li>\n<\/ul>\n<ul>\n<li>\n\t\t\t\t\t\t\t\t\t\tTemor aumentado\n\t\t\t\t\t\t\t\t\t<\/li>\n<li>\n\t\t\t\t\t\t\t\t\t\tEstar sempre em guarda ou \u201cirritado\u201d\n\t\t\t\t\t\t\t\t\t<\/li>\n<li>\n\t\t\t\t\t\t\t\t\t\tSentindo-se emocionalmente entorpecido\n\t\t\t\t\t\t\t\t\t<\/li>\n<li>\n\t\t\t\t\t\t\t\t\t\tSentimentos de culpa ou vergonha\n\t\t\t\t\t\t\t\t\t<\/li>\n<li>\n\t\t\t\t\t\t\t\t\t\tProblemas com o sono\n\t\t\t\t\t\t\t\t\t<\/li>\n<li>\n\t\t\t\t\t\t\t\t\t\tPerda de interesse em atividades que costumavam ser apreciadas\n\t\t\t\t\t\t\t\t\t<\/li>\n<li>\n\t\t\t\t\t\t\t\t\t\tRaiva e irritabilidade\n\t\t\t\t\t\t\t\t\t<\/li>\n<li>\n\t\t\t\t\t\t\t\t\t\tSintomas depressivos\n\t\t\t\t\t\t\t\t\t<\/li>\n<li>\n\t\t\t\t\t\t\t\t\t\tIsolamento social\n\t\t\t\t\t\t\t\t\t<\/li>\n<\/ul>\n<p style=\"color: white; font-size: 20pt; line-height: 1.5;\">Venha conhecer-nos!<br \/>\nPodemos ajud\u00e1-lo a reencontrar o equil\u00edbrio que deseja!<\/p>\n<p style=\"color: #095c57; font-size: 20pt; line-height: 1.5;\"><strong>Esperamos por Si\u2026com o Sorriso de Sempre!<\/strong><\/p>\n<p>\t\t\t<a href=\"https:\/\/www.lugarseguro.pt\/web\/contactos\"><br \/>\n\t\t\t\t\t\tMarcar Consulta<br \/>\n\t\t\t\t\t<\/a><\/p>\n","protected":false},"excerpt":{"rendered":"<p style=\"color: white; font-size: 18pt; line-height: 1.5\"><strong>Ao contr\u00e1rio da psicologia e psiquiatria tradicional, que raramente analisa o c\u00e9rebro, a cl\u00ednica Lugar Seguro usa instrumentos de avalia\u00e7\u00e3o para ajudar a distinguir o TSPT e o trauma emocional de outros problemas, como les\u00e3o cerebral traum\u00e1tica (TCE).<\/p>\n","protected":false},"author":3,"featured_media":4911,"parent":0,"menu_order":0,"comment_status":"closed","ping_status":"closed","template":"template-fullwidth-stretched.php","meta":{"footnotes":""},"class_list":["post-4907","page","type-page","status-publish","has-post-thumbnail","hentry"],"_links":{"self":[{"href":"https:\/\/www.lugarseguro.pt\/web\/wp-json\/wp\/v2\/pages\/4907","targetHints":{"allow":["GET"]}}],"collection":[{"href":"https:\/\/www.lugarseguro.pt\/web\/wp-json\/wp\/v2\/pages"}],"about":[{"href":"https:\/\/www.lugarseguro.pt\/web\/wp-json\/wp\/v2\/types\/page"}],"author":[{"embeddable":true,"href":"https:\/\/www.lugarseguro.pt\/web\/wp-json\/wp\/v2\/users\/3"}],"replies":[{"embeddable":true,"href":"https:\/\/www.lugarseguro.pt\/web\/wp-json\/wp\/v2\/comments?post=4907"}],"version-history":[{"count":23,"href":"https:\/\/www.lugarseguro.pt\/web\/wp-json\/wp\/v2\/pages\/4907\/revisions"}],"predecessor-version":[{"id":8724,"href":"https:\/\/www.lugarseguro.pt\/web\/wp-json\/wp\/v2\/pages\/4907\/revisions\/8724"}],"wp:featuredmedia":[{"embeddable":true,"href":"https:\/\/www.lugarseguro.pt\/web\/wp-json\/wp\/v2\/media\/4911"}],"wp:attachment":[{"href":"https:\/\/www.lugarseguro.pt\/web\/wp-json\/wp\/v2\/media?parent=4907"}],"curies":[{"name":"wp","href":"https:\/\/api.w.org\/{rel}","templated":true}]}}